{"id":249,"date":"2022-05-16T10:29:10","date_gmt":"2022-05-16T08:29:10","guid":{"rendered":"https:\/\/monpiedaterre-annecy.fr\/?page_id=249"},"modified":"2024-08-10T08:30:06","modified_gmt":"2024-08-10T06:30:06","slug":"visit","status":"publish","type":"page","link":"https:\/\/monpiedaterre-annecy.fr\/?page_id=249","title":{"rendered":"Nos endroits favoris \/ Our favorites places"},"content":{"rendered":"\n<h2 class=\"wp-block-heading\">Restaurants &#8211; Bar <\/h2>\n\n\n\n<div class=\"wp-block-columns is-layout-flex wp-container-core-columns-is-layout-9d6595d7 wp-block-columns-is-layout-flex\">\n<div class=\"wp-block-column is-layout-flow wp-block-column-is-layout-flow\" style=\"flex-basis:50%\">\n<p class=\"has-text-align-left\">Situ\u00e9 au coeur du quartier d&rsquo;Albigny, <strong>La Brasserie du parc<\/strong> est un monument de la vie ancilevienne. Des jeunes \u00e0 l&rsquo;ap\u00e9ro, des moins jeunes en matin\u00e9e, et des familles, des femmes et des hommes d&rsquo;affaires pour le d\u00e9jeuner. Tout le monde s&rsquo;y retrouve. Ce bar restaurant est universel. Etablissement repris par une \u00e9quipe jeune et dynamique et qui a conserv\u00e9 \u00ab\u00a0G\u00e9g\u00e9\u00a0\u00bb, pr\u00e9sent derri\u00e8re le bar depuis&#8230; toujours.<\/p>\n<\/div>\n\n\n\n<div class=\"wp-block-column is-layout-flow wp-block-column-is-layout-flow\" style=\"flex-basis:25%\">\n<figure class=\"wp-block-image size-large\"><img loading=\"lazy\" decoding=\"async\" width=\"1024\" height=\"768\" src=\"https:\/\/monpiedaterre-annecy.fr\/wp-content\/uploads\/2024\/03\/La-brasserie-du-parc-1024x768.jpg\" alt=\"\" class=\"wp-image-444\" srcset=\"https:\/\/monpiedaterre-annecy.fr\/wp-content\/uploads\/2024\/03\/La-brasserie-du-parc-1024x768.jpg 1024w, https:\/\/monpiedaterre-annecy.fr\/wp-content\/uploads\/2024\/03\/La-brasserie-du-parc-300x225.jpg 300w, https:\/\/monpiedaterre-annecy.fr\/wp-content\/uploads\/2024\/03\/La-brasserie-du-parc-768x576.jpg 768w, https:\/\/monpiedaterre-annecy.fr\/wp-content\/uploads\/2024\/03\/La-brasserie-du-parc-508x381.jpg 508w, https:\/\/monpiedaterre-annecy.fr\/wp-content\/uploads\/2024\/03\/La-brasserie-du-parc.jpg 1360w\" sizes=\"auto, (max-width: 1024px) 100vw, 1024px\" \/><\/figure>\n<\/div>\n<\/div>\n\n\n\n<hr class=\"wp-block-separator alignwide has-alpha-channel-opacity is-style-wide\"\/>\n\n\n\n<div class=\"wp-block-columns is-layout-flex wp-container-core-columns-is-layout-9d6595d7 wp-block-columns-is-layout-flex\">\n<div class=\"wp-block-column is-layout-flow wp-block-column-is-layout-flow\" style=\"flex-basis:66.66%\">\n<div class=\"wp-block-columns is-layout-flex wp-container-core-columns-is-layout-9d6595d7 wp-block-columns-is-layout-flex\">\n<div class=\"wp-block-column is-layout-flow wp-block-column-is-layout-flow\" style=\"flex-basis:100%\">\n<div class=\"wp-block-group alignfull is-nowrap is-layout-flex wp-container-core-group-is-layout-ad2f72ca wp-block-group-is-layout-flex\">\n<p><strong>Le Cabanon<\/strong>, les pieds dans l&rsquo;eau sur la plage d&rsquo;Albigny. Il s&rsquo;agit d&rsquo;un endroit qui m\u00e9rite le d\u00e9tour. Jouer aux boules, prendre un caf\u00e9 avec les habitu\u00e9s, ou l&rsquo;ap\u00e9ro en \u00e9coutant de la musique \u00ab\u00a0live\u00a0\u00bb.<\/p>\n<\/div>\n<\/div>\n<\/div>\n<\/div>\n\n\n\n<div class=\"wp-block-column is-layout-flow wp-block-column-is-layout-flow\" style=\"flex-basis:33.33%\">\n<figure class=\"wp-block-image size-full is-resized\"><img loading=\"lazy\" decoding=\"async\" width=\"275\" height=\"183\" src=\"https:\/\/monpiedaterre-annecy.fr\/wp-content\/uploads\/2024\/04\/Le-Boucan.jpg\" alt=\"\" class=\"wp-image-509\" style=\"width:342px;height:auto\"\/><\/figure>\n<\/div>\n<\/div>\n\n\n\n<hr class=\"wp-block-separator aligncenter has-alpha-channel-opacity is-style-wide\"\/>\n\n\n\n<div class=\"wp-block-columns is-layout-flex wp-container-core-columns-is-layout-9d6595d7 wp-block-columns-is-layout-flex\">\n<div class=\"wp-block-column is-layout-flow wp-block-column-is-layout-flow\" style=\"flex-basis:33.33%\">\n<figure class=\"wp-block-image size-full\"><a href=\"http:\/\/www.cafebrunet.com\/\"><img loading=\"lazy\" decoding=\"async\" width=\"275\" height=\"183\" src=\"https:\/\/monpiedaterre-annecy.fr\/wp-content\/uploads\/2024\/04\/Cafe-Brunet.jpg\" alt=\"\" class=\"wp-image-510\"\/><\/a><\/figure>\n<\/div>\n\n\n\n<div class=\"wp-block-column is-layout-flow wp-block-column-is-layout-flow\" style=\"flex-basis:66.66%\">\n<p>Cette maison de pays du 14\u00e8me si\u00e8cle abrite le <strong>Caf\u00e9 Brunet <\/strong>depuis 1875. Aujourd&rsquo;hui sous l&rsquo;animation de Mathieu, elle revit l&rsquo;ambiance du bistrot de village o\u00f9 l&rsquo;on y interpr\u00e8te une cuisine \u00ab\u00a0canaille\u00a0\u00bb. Menus de 22\u20ac \u00e0 45\u20ac. <a href=\"http:\/\/www.cafebrunet.com\/\">http:\/\/www.cafebrunet.com\/<\/a><\/p>\n<\/div>\n<\/div>\n\n\n\n<hr class=\"wp-block-separator has-alpha-channel-opacity is-style-wide\"\/>\n\n\n\n<div class=\"wp-block-columns is-layout-flex wp-container-core-columns-is-layout-9d6595d7 wp-block-columns-is-layout-flex\">\n<div class=\"wp-block-column is-layout-flow wp-block-column-is-layout-flow\" style=\"flex-basis:33.33%\">\n<figure class=\"wp-block-image size-full\"><img loading=\"lazy\" decoding=\"async\" width=\"314\" height=\"161\" src=\"https:\/\/monpiedaterre-annecy.fr\/wp-content\/uploads\/2024\/04\/Le-Clocher.jpg\" alt=\"\" class=\"wp-image-588\" srcset=\"https:\/\/monpiedaterre-annecy.fr\/wp-content\/uploads\/2024\/04\/Le-Clocher.jpg 314w, https:\/\/monpiedaterre-annecy.fr\/wp-content\/uploads\/2024\/04\/Le-Clocher-300x154.jpg 300w\" sizes=\"auto, (max-width: 314px) 100vw, 314px\" \/><\/figure>\n<\/div>\n\n\n\n<div class=\"wp-block-column is-layout-flow wp-block-column-is-layout-flow\" style=\"flex-basis:66.66%\">\n<p><strong>Le Clocher<\/strong> est un haut lieu culinaire de la ville. En \u00e9t\u00e9, la terrasse ombrag\u00e9e est tr\u00e8s pris\u00e9e. <a href=\"https:\/\/www.le-clocher.com\/\">https:\/\/www.le-clocher.com<\/a><\/p>\n<\/div>\n<\/div>\n\n\n\n<hr class=\"wp-block-separator alignfull has-alpha-channel-opacity is-style-wide\"\/>\n\n\n\n<div class=\"wp-block-columns is-layout-flex wp-container-core-columns-is-layout-9d6595d7 wp-block-columns-is-layout-flex\">\n<div class=\"wp-block-column is-layout-flow wp-block-column-is-layout-flow\" style=\"flex-basis:33.33%\">\n<figure class=\"wp-block-image size-full\"><img loading=\"lazy\" decoding=\"async\" width=\"1920\" height=\"1020\" src=\"https:\/\/monpiedaterre-annecy.fr\/wp-content\/uploads\/2024\/04\/LE-BALCON-DU-LAC.jpg\" alt=\"\" class=\"wp-image-589\" srcset=\"https:\/\/monpiedaterre-annecy.fr\/wp-content\/uploads\/2024\/04\/LE-BALCON-DU-LAC.jpg 1920w, https:\/\/monpiedaterre-annecy.fr\/wp-content\/uploads\/2024\/04\/LE-BALCON-DU-LAC-300x159.jpg 300w, https:\/\/monpiedaterre-annecy.fr\/wp-content\/uploads\/2024\/04\/LE-BALCON-DU-LAC-1024x544.jpg 1024w, https:\/\/monpiedaterre-annecy.fr\/wp-content\/uploads\/2024\/04\/LE-BALCON-DU-LAC-768x408.jpg 768w, https:\/\/monpiedaterre-annecy.fr\/wp-content\/uploads\/2024\/04\/LE-BALCON-DU-LAC-1536x816.jpg 1536w\" sizes=\"auto, (max-width: 1920px) 100vw, 1920px\" \/><\/figure>\n<\/div>\n\n\n\n<div class=\"wp-block-column is-layout-flow wp-block-column-is-layout-flow\" style=\"flex-basis:66.66%\">\n<p><strong>Le Balcon du lac <\/strong>porte bien son nom. Quelle vue !!! Les sp\u00e9cialit\u00e9s savoyardes raviront vos papilles. <a href=\"https:\/\/www.lebalcondulac-annecy.com\/\">https:\/\/www.lebalcondulac-annecy.com<\/a><\/p>\n<\/div>\n<\/div>\n\n\n\n<hr class=\"wp-block-separator alignfull has-alpha-channel-opacity is-style-wide\"\/>\n\n\n\n<div class=\"wp-block-columns is-layout-flex wp-container-core-columns-is-layout-9d6595d7 wp-block-columns-is-layout-flex\">\n<div class=\"wp-block-column is-layout-flow wp-block-column-is-layout-flow\" style=\"flex-basis:33.33%\">\n<figure class=\"wp-block-image size-full\"><img loading=\"lazy\" decoding=\"async\" width=\"259\" height=\"194\" src=\"https:\/\/monpiedaterre-annecy.fr\/wp-content\/uploads\/2024\/04\/letage.jpg\" alt=\"\" class=\"wp-image-590\"\/><\/figure>\n\n\n\n<hr class=\"wp-block-separator alignwide has-alpha-channel-opacity is-style-wide\"\/>\n<\/div>\n\n\n\n<div class=\"wp-block-column is-layout-flow wp-block-column-is-layout-flow\" style=\"flex-basis:66.66%\">\n<p><strong>L&rsquo;\u00e9tage<\/strong>. En plein centre ville, proche du centre Bonlieu, ce restaurant a b\u00e2ti sa r\u00e9putation sur les plats typiques. <a href=\"https:\/\/letageannecy.com\/\">https:\/\/letageannecy.com\/<\/a><\/p>\n<\/div>\n<\/div>\n\n\n\n<hr class=\"wp-block-separator alignfull has-alpha-channel-opacity is-style-wide\"\/>\n\n\n\n<h2 class=\"wp-block-heading\">Boulangerie \/ Bakery &#8211; Autre Magasin \/ Others Shops<\/h2>\n\n\n\n<div class=\"wp-block-columns is-layout-flex wp-container-core-columns-is-layout-9d6595d7 wp-block-columns-is-layout-flex\">\n<div class=\"wp-block-column is-layout-flow wp-block-column-is-layout-flow\" style=\"flex-basis:33.33%\">\n<figure class=\"wp-block-image size-full\"><img loading=\"lazy\" decoding=\"async\" width=\"225\" height=\"225\" src=\"https:\/\/monpiedaterre-annecy.fr\/wp-content\/uploads\/2024\/04\/Boulangerie-Gandy.jpg\" alt=\"\" class=\"wp-image-599\" srcset=\"https:\/\/monpiedaterre-annecy.fr\/wp-content\/uploads\/2024\/04\/Boulangerie-Gandy.jpg 225w, https:\/\/monpiedaterre-annecy.fr\/wp-content\/uploads\/2024\/04\/Boulangerie-Gandy-150x150.jpg 150w\" sizes=\"auto, (max-width: 225px) 100vw, 225px\" \/><\/figure>\n<\/div>\n\n\n\n<div class=\"wp-block-column is-layout-flow wp-block-column-is-layout-flow\" style=\"flex-basis:66.66%\">\n<p><strong>Boulangerie GANDY.<\/strong> Pr\u00e9sente en station et \u00e9galement \u00e0 Annecy le Vieux, cette boulangerie familiale propose un pain d&rsquo;antan. A deux pas du Col Vert et 500 m\u00e8tre du Cygne. <a href=\"https:\/\/www.aupaindantan.fr\/\">https:\/\/www.aupaindantan.fr\/<\/a><\/p>\n<\/div>\n<\/div>\n\n\n\n<hr class=\"wp-block-separator alignwide has-alpha-channel-opacity is-style-wide\"\/>\n\n\n\n<div class=\"wp-block-columns is-layout-flex wp-container-core-columns-is-layout-9d6595d7 wp-block-columns-is-layout-flex\">\n<div class=\"wp-block-column is-layout-flow wp-block-column-is-layout-flow\" style=\"flex-basis:33.33%\">\n<figure class=\"wp-block-image size-full\"><img loading=\"lazy\" decoding=\"async\" width=\"259\" height=\"194\" src=\"https:\/\/monpiedaterre-annecy.fr\/wp-content\/uploads\/2024\/04\/pangato.jpg\" alt=\"\" class=\"wp-image-600\"\/><\/figure>\n<\/div>\n\n\n\n<div class=\"wp-block-column is-layout-flow wp-block-column-is-layout-flow\" style=\"flex-basis:66.66%\">\n<p class=\"has-text-align-left\">Original et pourtant, cet \u00e9tablissement a toujours exist\u00e9 !!! D\u00e9sormais repris par une \u00e9quipe jeune et cr\u00e9ative. <strong>Pan&amp;Gato<\/strong> <a href=\"https:\/\/panetgato.fr\/\">https:\/\/panetgato.fr\/<\/a><\/p>\n<\/div>\n<\/div>\n\n\n\n<hr class=\"wp-block-separator has-alpha-channel-opacity is-style-wide\"\/>\n\n\n\n<div class=\"wp-block-columns is-layout-flex wp-container-core-columns-is-layout-9d6595d7 wp-block-columns-is-layout-flex\">\n<div class=\"wp-block-column is-layout-flow wp-block-column-is-layout-flow\" style=\"flex-basis:33.33%\">\n<figure class=\"wp-block-image size-full\"><img loading=\"lazy\" decoding=\"async\" width=\"275\" height=\"183\" src=\"https:\/\/monpiedaterre-annecy.fr\/wp-content\/uploads\/2024\/04\/Agnellet.jpg\" alt=\"\" class=\"wp-image-598\"\/><\/figure>\n\n\n\n<hr class=\"wp-block-separator has-alpha-channel-opacity is-style-wide\"\/>\n<\/div>\n\n\n\n<div class=\"wp-block-column is-layout-flow wp-block-column-is-layout-flow\" style=\"flex-basis:66.66%\">\n<p class=\"has-text-align-left\">Fan de chocolat ? fan de p\u00e2tisserie ? Le magasin <strong>Patrick<\/strong> <strong>Agnellet<\/strong> s&rsquo;ouvre comme une bo\u00eete de chocolat. Cela donne le ton. Irr\u00e9sistible <a href=\"https:\/\/patrick-agnellet.com\/\">https:\/\/patrick-agnellet.com\/<\/a><\/p>\n<\/div>\n<\/div>\n\n\n\n<div class=\"wp-block-columns is-layout-flex wp-container-core-columns-is-layout-9d6595d7 wp-block-columns-is-layout-flex\">\n<div class=\"wp-block-column is-layout-flow wp-block-column-is-layout-flow\" style=\"flex-basis:33.33%\">\n<figure class=\"wp-block-image size-full\"><img loading=\"lazy\" decoding=\"async\" width=\"224\" height=\"225\" src=\"https:\/\/monpiedaterre-annecy.fr\/wp-content\/uploads\/2024\/04\/Ponton-Aloha.jpg\" alt=\"\" class=\"wp-image-601\" srcset=\"https:\/\/monpiedaterre-annecy.fr\/wp-content\/uploads\/2024\/04\/Ponton-Aloha.jpg 224w, https:\/\/monpiedaterre-annecy.fr\/wp-content\/uploads\/2024\/04\/Ponton-Aloha-150x150.jpg 150w\" sizes=\"auto, (max-width: 224px) 100vw, 224px\" \/><\/figure>\n<\/div>\n\n\n\n<div class=\"wp-block-column is-layout-flow wp-block-column-is-layout-flow\" style=\"flex-basis:66.66%\">\n<p class=\"has-text-align-left\">Ils sont jeunes, ils sont beaux et ils enseignent les sports d&rsquo;eau comme ils les pratiquent : Avec passion. <strong>Le Ponton Aloha  <\/strong><a href=\"https:\/\/www.aloha-ponton.com\/\">https:\/\/www.aloha-ponton.com\/<\/a><\/p>\n<\/div>\n<\/div>\n\n\n\n<hr class=\"wp-block-separator has-alpha-channel-opacity is-style-wide\"\/>\n\n\n\n<div class=\"wp-block-columns is-layout-flex wp-container-core-columns-is-layout-9d6595d7 wp-block-columns-is-layout-flex\">\n<div class=\"wp-block-column is-layout-flow wp-block-column-is-layout-flow\">\n<p><strong>Le P&rsquo;tit Casino<\/strong> Ouvert 7\/7 de 8h \u00e0 20 heures.  1 rue centrale. <\/p>\n<\/div>\n\n\n\n<div class=\"wp-block-column is-layout-flow wp-block-column-is-layout-flow\">\n<p><strong>Carrefour Market,<\/strong> Rue des mouettes. Carburants, rayon traiteur et poissons. A deux pas des 2 logements<\/p>\n<\/div>\n\n\n\n<div class=\"wp-block-column is-layout-flow wp-block-column-is-layout-flow\">\n<p><strong>Traiteur Viret<\/strong>.1 rue Centrale. plat du jour, sp\u00e9cialit\u00e9s et rayon boucherie. <\/p>\n<\/div>\n<\/div>\n","protected":false},"excerpt":{"rendered":"<p>Restaurants &#8211; Bar Situ\u00e9 au coeur du quartier d&rsquo;Albigny, La Brasserie du parc est un monument de la vie ancilevienne.<\/p>\n<p><a href=\"https:\/\/monpiedaterre-annecy.fr\/?page_id=249\" class=\"more-link\">Continue reading<span class=\"screen-reader-text\">Nos endroits favoris \/ Our favorites places<\/span><\/a><\/p>\n","protected":false},"author":1,"featured_media":0,"parent":0,"menu_order":0,"comment_status":"closed","ping_status":"closed","template":"","meta":{"footnotes":""},"class_list":["post-249","page","type-page","status-publish","hentry"],"_links":{"self":[{"href":"https:\/\/monpiedaterre-annecy.fr\/index.php?rest_route=\/wp\/v2\/pages\/249","targetHints":{"allow":["GET"]}}],"collection":[{"href":"https:\/\/monpiedaterre-annecy.fr\/index.php?rest_route=\/wp\/v2\/pages"}],"about":[{"href":"https:\/\/monpiedaterre-annecy.fr\/index.php?rest_route=\/wp\/v2\/types\/page"}],"author":[{"embeddable":true,"href":"https:\/\/monpiedaterre-annecy.fr\/index.php?rest_route=\/wp\/v2\/users\/1"}],"replies":[{"embeddable":true,"href":"https:\/\/monpiedaterre-annecy.fr\/index.php?rest_route=%2Fwp%2Fv2%2Fcomments&post=249"}],"version-history":[{"count":14,"href":"https:\/\/monpiedaterre-annecy.fr\/index.php?rest_route=\/wp\/v2\/pages\/249\/revisions"}],"predecessor-version":[{"id":611,"href":"https:\/\/monpiedaterre-annecy.fr\/index.php?rest_route=\/wp\/v2\/pages\/249\/revisions\/611"}],"wp:attachment":[{"href":"https:\/\/monpiedaterre-annecy.fr\/index.php?rest_route=%2Fwp%2Fv2%2Fmedia&parent=249"}],"curies":[{"name":"wp","href":"https:\/\/api.w.org\/{rel}","templated":true}]}}