{"id":432,"date":"2024-04-03T21:31:20","date_gmt":"2024-04-03T19:31:20","guid":{"rendered":"https:\/\/monpiedaterre-annecy.fr\/?page_id=432"},"modified":"2025-01-21T19:19:28","modified_gmt":"2025-01-21T18:19:28","slug":"acceuil-page-le-col-vert","status":"publish","type":"page","link":"https:\/\/monpiedaterre-annecy.fr\/?page_id=432","title":{"rendered":"LE COL VERT"},"content":{"rendered":"\n<p>Cliquez sur le jour d&rsquo;arriv\u00e9e souhait\u00e9 puis s\u00e9lectionnez les nombre de nuit\u00e9es pour obtenir le prix de votre s\u00e9jour<\/p>\n\n\n\n<script type=\"text\/javascript\" src=\"\/\/gadget.open-system.fr\/widgets-libs\/rel\/noyau-1.0.min.js\"><\/script>\n<script type=\"text\/javascript\">\n( function() {\n\tvar widgetProduit = AllianceReseaux.Widget.Instance( \"Produit\", { idPanier:\"FVMUFRU\", idIntegration:707, langue:\"fr\", ui:\"OSMB-126483-2\" } );\n\twidgetProduit.Initialise();\n})();\n<\/script>\n\n<div id=\"widget-produit-OSMB-126483-2\"><\/div>\n\n\n\n<p>Notre appartement a \u00e9t\u00e9 enti\u00e8rement r\u00e9nov\u00e9 en 2024 et class\u00e9 &#8230;. \u00e9toiles. Situ\u00e9 dans un quartier calme et r\u00e9put\u00e9 d&rsquo;Annecy Le Vieux, vous serez tout proche de l&rsquo;imp\u00e9rial palace et des plages. La piste cyclable \u00e0 proximit\u00e9 est un vrai plus. Nous mettons \u00e0 disposition des v\u00e9los de ville pour faciliter vos d\u00e9placements. Les Aravis sont \u00e0 30 minutes. Pour des d\u00e9placements professionnels, le col vert sera votre pied \u00e0 terre \u00e0 Annecy ! Un coin bureau adapt\u00e9 au travailleur nomade. Vous allez \u00eatre combl\u00e9. Construit dans les ann\u00e9es 70&rsquo;s, les personnes \u00e0 mobilit\u00e9 r\u00e9duites ne peuvent pas \u00eatre accueillies correctement.<\/p>\n\n\n\n<p>Our flat has been completley renovated in 2024 and is now &#8230;. rated stars. Located in a quiet and famous distrcit of Annecy Le Vieux, you will be very clsoe to the Imperial palace and the beaches. The nearby bike path is a real advantage. We provide city bikes to facilitate your travels. Aravis are 30 minutes away. For business trips, le col vert will be your base camp in Annecy ! An office area adapted to the nomadic worker. You will be satisfied. Built in the 70&rsquo;s, people with reduced mibiliy cannot be properly accommodated.<\/p>\n\n\n\n<div class=\"wp-block-buttons is-content-justification-center is-layout-flex wp-container-core-buttons-is-layout-16018d1d wp-block-buttons-is-layout-flex\">\n<div class=\"wp-block-button\"><a class=\"wp-block-button__link wp-element-button\" href=\"mailto:2smc@orange.fr\">2smc@orange.fr<\/a><\/div>\n<\/div>\n\n\n\n<p><a href=\"https:\/\/monpiedaterre-annecy.fr\/wp-admin\/edit.php?post_type=page\"><\/a><\/p>\n\n\n\n<figure class=\"wp-block-image size-large\"><img loading=\"lazy\" decoding=\"async\" width=\"1024\" height=\"682\" src=\"https:\/\/monpiedaterre-annecy.fr\/wp-content\/uploads\/2024\/04\/Vue-zoom-fauteuil-1024x682.jpg\" alt=\"\" class=\"wp-image-566\" srcset=\"https:\/\/monpiedaterre-annecy.fr\/wp-content\/uploads\/2024\/04\/Vue-zoom-fauteuil-1024x682.jpg 1024w, https:\/\/monpiedaterre-annecy.fr\/wp-content\/uploads\/2024\/04\/Vue-zoom-fauteuil-300x200.jpg 300w, https:\/\/monpiedaterre-annecy.fr\/wp-content\/uploads\/2024\/04\/Vue-zoom-fauteuil-768x511.jpg 768w, https:\/\/monpiedaterre-annecy.fr\/wp-content\/uploads\/2024\/04\/Vue-zoom-fauteuil-1536x1022.jpg 1536w, https:\/\/monpiedaterre-annecy.fr\/wp-content\/uploads\/2024\/04\/Vue-zoom-fauteuil-2048x1363.jpg 2048w\" sizes=\"auto, (max-width: 1024px) 100vw, 1024px\" \/><\/figure>\n\n\n\n<figure class=\"wp-block-image size-large\"><img loading=\"lazy\" decoding=\"async\" width=\"1024\" height=\"682\" src=\"https:\/\/monpiedaterre-annecy.fr\/wp-content\/uploads\/2024\/04\/Vue-salon-coin-bureau-plan-large-1024x682.jpg\" alt=\"\" class=\"wp-image-555\" srcset=\"https:\/\/monpiedaterre-annecy.fr\/wp-content\/uploads\/2024\/04\/Vue-salon-coin-bureau-plan-large-1024x682.jpg 1024w, https:\/\/monpiedaterre-annecy.fr\/wp-content\/uploads\/2024\/04\/Vue-salon-coin-bureau-plan-large-300x200.jpg 300w, https:\/\/monpiedaterre-annecy.fr\/wp-content\/uploads\/2024\/04\/Vue-salon-coin-bureau-plan-large-768x511.jpg 768w, https:\/\/monpiedaterre-annecy.fr\/wp-content\/uploads\/2024\/04\/Vue-salon-coin-bureau-plan-large-1536x1022.jpg 1536w, https:\/\/monpiedaterre-annecy.fr\/wp-content\/uploads\/2024\/04\/Vue-salon-coin-bureau-plan-large-2048x1363.jpg 2048w\" sizes=\"auto, (max-width: 1024px) 100vw, 1024px\" \/><\/figure>\n\n\n\n<figure class=\"wp-block-image size-large\"><img loading=\"lazy\" decoding=\"async\" width=\"1024\" height=\"682\" src=\"https:\/\/monpiedaterre-annecy.fr\/wp-content\/uploads\/2024\/04\/Chambre-vue-2-Single-1024x682.jpg\" alt=\"\" class=\"wp-image-512\" srcset=\"https:\/\/monpiedaterre-annecy.fr\/wp-content\/uploads\/2024\/04\/Chambre-vue-2-Single-1024x682.jpg 1024w, https:\/\/monpiedaterre-annecy.fr\/wp-content\/uploads\/2024\/04\/Chambre-vue-2-Single-300x200.jpg 300w, https:\/\/monpiedaterre-annecy.fr\/wp-content\/uploads\/2024\/04\/Chambre-vue-2-Single-768x511.jpg 768w, https:\/\/monpiedaterre-annecy.fr\/wp-content\/uploads\/2024\/04\/Chambre-vue-2-Single-1536x1022.jpg 1536w, https:\/\/monpiedaterre-annecy.fr\/wp-content\/uploads\/2024\/04\/Chambre-vue-2-Single-2048x1363.jpg 2048w\" sizes=\"auto, (max-width: 1024px) 100vw, 1024px\" \/><figcaption class=\"wp-element-caption\">Chambre en mode Single<\/figcaption><\/figure>\n\n\n\n<figure class=\"wp-block-image size-large\"><img loading=\"lazy\" decoding=\"async\" width=\"1024\" height=\"682\" src=\"https:\/\/monpiedaterre-annecy.fr\/wp-content\/uploads\/2024\/04\/Vue-salon-meuble-TV-claustras-et-fauteuil-1-1024x682.jpg\" alt=\"\" class=\"wp-image-564\" srcset=\"https:\/\/monpiedaterre-annecy.fr\/wp-content\/uploads\/2024\/04\/Vue-salon-meuble-TV-claustras-et-fauteuil-1-1024x682.jpg 1024w, https:\/\/monpiedaterre-annecy.fr\/wp-content\/uploads\/2024\/04\/Vue-salon-meuble-TV-claustras-et-fauteuil-1-300x200.jpg 300w, https:\/\/monpiedaterre-annecy.fr\/wp-content\/uploads\/2024\/04\/Vue-salon-meuble-TV-claustras-et-fauteuil-1-768x511.jpg 768w, https:\/\/monpiedaterre-annecy.fr\/wp-content\/uploads\/2024\/04\/Vue-salon-meuble-TV-claustras-et-fauteuil-1-1536x1022.jpg 1536w, https:\/\/monpiedaterre-annecy.fr\/wp-content\/uploads\/2024\/04\/Vue-salon-meuble-TV-claustras-et-fauteuil-1-2048x1363.jpg 2048w\" sizes=\"auto, (max-width: 1024px) 100vw, 1024px\" \/><figcaption class=\"wp-element-caption\">Parquet dans le salon et meuble ch\u00eane<\/figcaption><\/figure>\n\n\n\n<figure class=\"wp-block-image size-large\"><img loading=\"lazy\" decoding=\"async\" width=\"1024\" height=\"682\" src=\"https:\/\/monpiedaterre-annecy.fr\/wp-content\/uploads\/2024\/04\/Chambre-double-vue-fenetre-1024x682.jpg\" alt=\"\" class=\"wp-image-514\" srcset=\"https:\/\/monpiedaterre-annecy.fr\/wp-content\/uploads\/2024\/04\/Chambre-double-vue-fenetre-1024x682.jpg 1024w, https:\/\/monpiedaterre-annecy.fr\/wp-content\/uploads\/2024\/04\/Chambre-double-vue-fenetre-300x200.jpg 300w, https:\/\/monpiedaterre-annecy.fr\/wp-content\/uploads\/2024\/04\/Chambre-double-vue-fenetre-768x511.jpg 768w, https:\/\/monpiedaterre-annecy.fr\/wp-content\/uploads\/2024\/04\/Chambre-double-vue-fenetre-1536x1022.jpg 1536w, https:\/\/monpiedaterre-annecy.fr\/wp-content\/uploads\/2024\/04\/Chambre-double-vue-fenetre-2048x1363.jpg 2048w\" sizes=\"auto, (max-width: 1024px) 100vw, 1024px\" \/><figcaption class=\"wp-element-caption\">Chambre en mode King Size<\/figcaption><\/figure>\n\n\n\n<figure class=\"wp-block-image size-large\"><img loading=\"lazy\" decoding=\"async\" width=\"682\" height=\"1024\" src=\"https:\/\/monpiedaterre-annecy.fr\/wp-content\/uploads\/2024\/04\/SDB-douche-682x1024.jpg\" alt=\"\" class=\"wp-image-515\" srcset=\"https:\/\/monpiedaterre-annecy.fr\/wp-content\/uploads\/2024\/04\/SDB-douche-682x1024.jpg 682w, https:\/\/monpiedaterre-annecy.fr\/wp-content\/uploads\/2024\/04\/SDB-douche-200x300.jpg 200w, https:\/\/monpiedaterre-annecy.fr\/wp-content\/uploads\/2024\/04\/SDB-douche-768x1154.jpg 768w, https:\/\/monpiedaterre-annecy.fr\/wp-content\/uploads\/2024\/04\/SDB-douche-1022x1536.jpg 1022w, https:\/\/monpiedaterre-annecy.fr\/wp-content\/uploads\/2024\/04\/SDB-douche-1363x2048.jpg 1363w, https:\/\/monpiedaterre-annecy.fr\/wp-content\/uploads\/2024\/04\/SDB-douche-scaled.jpg 1704w\" sizes=\"auto, (max-width: 682px) 100vw, 682px\" \/><figcaption class=\"wp-element-caption\">Douche<\/figcaption><\/figure>\n\n\n\n<figure class=\"wp-block-image size-full is-style-default\"><img loading=\"lazy\" decoding=\"async\" width=\"640\" height=\"480\" src=\"https:\/\/monpiedaterre-annecy.fr\/wp-content\/uploads\/2022\/06\/velo.jpg\" alt=\"\" class=\"wp-image-347\" srcset=\"https:\/\/monpiedaterre-annecy.fr\/wp-content\/uploads\/2022\/06\/velo.jpg 640w, https:\/\/monpiedaterre-annecy.fr\/wp-content\/uploads\/2022\/06\/velo-300x225.jpg 300w, https:\/\/monpiedaterre-annecy.fr\/wp-content\/uploads\/2022\/06\/velo-508x381.jpg 508w\" sizes=\"auto, (max-width: 640px) 100vw, 640px\" \/><figcaption class=\"wp-element-caption\">Pack Mobilit\u00e9 inclus<\/figcaption><\/figure>\n\n\n\n<figure class=\"wp-block-image size-large\"><img loading=\"lazy\" decoding=\"async\" width=\"1024\" height=\"682\" src=\"https:\/\/monpiedaterre-annecy.fr\/wp-content\/uploads\/2024\/04\/Vue-balcon-depusi-chambre-4-1024x682.jpg\" alt=\"\" class=\"wp-image-529\" srcset=\"https:\/\/monpiedaterre-annecy.fr\/wp-content\/uploads\/2024\/04\/Vue-balcon-depusi-chambre-4-1024x682.jpg 1024w, https:\/\/monpiedaterre-annecy.fr\/wp-content\/uploads\/2024\/04\/Vue-balcon-depusi-chambre-4-300x200.jpg 300w, https:\/\/monpiedaterre-annecy.fr\/wp-content\/uploads\/2024\/04\/Vue-balcon-depusi-chambre-4-768x511.jpg 768w, https:\/\/monpiedaterre-annecy.fr\/wp-content\/uploads\/2024\/04\/Vue-balcon-depusi-chambre-4-1536x1022.jpg 1536w, https:\/\/monpiedaterre-annecy.fr\/wp-content\/uploads\/2024\/04\/Vue-balcon-depusi-chambre-4-2048x1363.jpg 2048w\" sizes=\"auto, (max-width: 1024px) 100vw, 1024px\" \/><figcaption class=\"wp-element-caption\">Vue balcon<\/figcaption><\/figure>\n\n\n\n\n\n<figure class=\"wp-block-image size-large\"><img loading=\"lazy\" decoding=\"async\" width=\"1024\" height=\"682\" src=\"https:\/\/monpiedaterre-annecy.fr\/wp-content\/uploads\/2024\/04\/Vue-cuisine-en-angle-1-1024x682.jpg\" alt=\"\" class=\"wp-image-545\" srcset=\"https:\/\/monpiedaterre-annecy.fr\/wp-content\/uploads\/2024\/04\/Vue-cuisine-en-angle-1-1024x682.jpg 1024w, https:\/\/monpiedaterre-annecy.fr\/wp-content\/uploads\/2024\/04\/Vue-cuisine-en-angle-1-300x200.jpg 300w, https:\/\/monpiedaterre-annecy.fr\/wp-content\/uploads\/2024\/04\/Vue-cuisine-en-angle-1-768x511.jpg 768w, https:\/\/monpiedaterre-annecy.fr\/wp-content\/uploads\/2024\/04\/Vue-cuisine-en-angle-1-1536x1022.jpg 1536w, https:\/\/monpiedaterre-annecy.fr\/wp-content\/uploads\/2024\/04\/Vue-cuisine-en-angle-1-2048x1363.jpg 2048w\" sizes=\"auto, (max-width: 1024px) 100vw, 1024px\" \/><figcaption class=\"wp-element-caption\">Cuisine ferm\u00e9e<\/figcaption><\/figure>\n\n\n\n<figure class=\"wp-block-image size-large\"><img loading=\"lazy\" decoding=\"async\" width=\"1024\" height=\"682\" src=\"https:\/\/monpiedaterre-annecy.fr\/wp-content\/uploads\/2024\/04\/Vue-bacon-siege-lafuma-1-1024x682.jpg\" alt=\"\" class=\"wp-image-525\" srcset=\"https:\/\/monpiedaterre-annecy.fr\/wp-content\/uploads\/2024\/04\/Vue-bacon-siege-lafuma-1-1024x682.jpg 1024w, https:\/\/monpiedaterre-annecy.fr\/wp-content\/uploads\/2024\/04\/Vue-bacon-siege-lafuma-1-300x200.jpg 300w, https:\/\/monpiedaterre-annecy.fr\/wp-content\/uploads\/2024\/04\/Vue-bacon-siege-lafuma-1-768x511.jpg 768w, https:\/\/monpiedaterre-annecy.fr\/wp-content\/uploads\/2024\/04\/Vue-bacon-siege-lafuma-1-1536x1022.jpg 1536w, https:\/\/monpiedaterre-annecy.fr\/wp-content\/uploads\/2024\/04\/Vue-bacon-siege-lafuma-1-2048x1363.jpg 2048w\" sizes=\"auto, (max-width: 1024px) 100vw, 1024px\" \/><figcaption class=\"wp-element-caption\">Si\u00e8ges d\u00e9tentes Lafuma<\/figcaption><\/figure>\n\n\n\n<figure class=\"wp-block-image size-large\"><img loading=\"lazy\" decoding=\"async\" width=\"1024\" height=\"682\" src=\"https:\/\/monpiedaterre-annecy.fr\/wp-content\/uploads\/2024\/04\/SDB-vue-miroir-1024x682.jpg\" alt=\"\" class=\"wp-image-520\" srcset=\"https:\/\/monpiedaterre-annecy.fr\/wp-content\/uploads\/2024\/04\/SDB-vue-miroir-1024x682.jpg 1024w, https:\/\/monpiedaterre-annecy.fr\/wp-content\/uploads\/2024\/04\/SDB-vue-miroir-300x200.jpg 300w, https:\/\/monpiedaterre-annecy.fr\/wp-content\/uploads\/2024\/04\/SDB-vue-miroir-768x511.jpg 768w, https:\/\/monpiedaterre-annecy.fr\/wp-content\/uploads\/2024\/04\/SDB-vue-miroir-1536x1022.jpg 1536w, https:\/\/monpiedaterre-annecy.fr\/wp-content\/uploads\/2024\/04\/SDB-vue-miroir-2048x1363.jpg 2048w\" sizes=\"auto, (max-width: 1024px) 100vw, 1024px\" \/><figcaption class=\"wp-element-caption\">SDB avec maichen \u00e0 laver<\/figcaption><\/figure>\n\n\n\n<figure class=\"wp-block-image size-large\"><img loading=\"lazy\" decoding=\"async\" width=\"1024\" height=\"682\" src=\"https:\/\/monpiedaterre-annecy.fr\/wp-content\/uploads\/2024\/04\/Vue-cuisine-table-1024x682.jpg\" alt=\"\" class=\"wp-image-534\" srcset=\"https:\/\/monpiedaterre-annecy.fr\/wp-content\/uploads\/2024\/04\/Vue-cuisine-table-1024x682.jpg 1024w, https:\/\/monpiedaterre-annecy.fr\/wp-content\/uploads\/2024\/04\/Vue-cuisine-table-300x200.jpg 300w, https:\/\/monpiedaterre-annecy.fr\/wp-content\/uploads\/2024\/04\/Vue-cuisine-table-768x511.jpg 768w, https:\/\/monpiedaterre-annecy.fr\/wp-content\/uploads\/2024\/04\/Vue-cuisine-table-1536x1022.jpg 1536w, https:\/\/monpiedaterre-annecy.fr\/wp-content\/uploads\/2024\/04\/Vue-cuisine-table-2048x1363.jpg 2048w\" sizes=\"auto, (max-width: 1024px) 100vw, 1024px\" \/><figcaption class=\"wp-element-caption\">Coin repas 4 parsonnes<\/figcaption><\/figure>\n\n\n\n<figure class=\"wp-block-image size-large\"><img loading=\"lazy\" decoding=\"async\" width=\"1024\" height=\"682\" src=\"https:\/\/monpiedaterre-annecy.fr\/wp-content\/uploads\/2024\/04\/Vue-arbre-1024x682.jpg\" alt=\"\" class=\"wp-image-522\" srcset=\"https:\/\/monpiedaterre-annecy.fr\/wp-content\/uploads\/2024\/04\/Vue-arbre-1024x682.jpg 1024w, https:\/\/monpiedaterre-annecy.fr\/wp-content\/uploads\/2024\/04\/Vue-arbre-300x200.jpg 300w, https:\/\/monpiedaterre-annecy.fr\/wp-content\/uploads\/2024\/04\/Vue-arbre-768x511.jpg 768w, https:\/\/monpiedaterre-annecy.fr\/wp-content\/uploads\/2024\/04\/Vue-arbre-1536x1022.jpg 1536w, https:\/\/monpiedaterre-annecy.fr\/wp-content\/uploads\/2024\/04\/Vue-arbre-2048x1363.jpg 2048w\" sizes=\"auto, (max-width: 1024px) 100vw, 1024px\" \/><figcaption class=\"wp-element-caption\">Parc autour du col vert<\/figcaption><\/figure>\n\n\n\n<figure class=\"wp-block-image size-large\"><img loading=\"lazy\" decoding=\"async\" width=\"1024\" height=\"682\" src=\"https:\/\/monpiedaterre-annecy.fr\/wp-content\/uploads\/2024\/04\/Vue-detail-vin-1024x682.jpg\" alt=\"\" class=\"wp-image-540\" srcset=\"https:\/\/monpiedaterre-annecy.fr\/wp-content\/uploads\/2024\/04\/Vue-detail-vin-1024x682.jpg 1024w, https:\/\/monpiedaterre-annecy.fr\/wp-content\/uploads\/2024\/04\/Vue-detail-vin-300x200.jpg 300w, https:\/\/monpiedaterre-annecy.fr\/wp-content\/uploads\/2024\/04\/Vue-detail-vin-768x511.jpg 768w, https:\/\/monpiedaterre-annecy.fr\/wp-content\/uploads\/2024\/04\/Vue-detail-vin-1536x1022.jpg 1536w, https:\/\/monpiedaterre-annecy.fr\/wp-content\/uploads\/2024\/04\/Vue-detail-vin-2048x1363.jpg 2048w\" sizes=\"auto, (max-width: 1024px) 100vw, 1024px\" \/><\/figure>\n\n\n\n<figure class=\"wp-block-image size-large\"><img loading=\"lazy\" decoding=\"async\" width=\"1024\" height=\"682\" src=\"https:\/\/monpiedaterre-annecy.fr\/wp-content\/uploads\/2024\/04\/Vue-canape-lit-3-1024x682.jpg\" alt=\"\" class=\"wp-image-530\" srcset=\"https:\/\/monpiedaterre-annecy.fr\/wp-content\/uploads\/2024\/04\/Vue-canape-lit-3-1024x682.jpg 1024w, https:\/\/monpiedaterre-annecy.fr\/wp-content\/uploads\/2024\/04\/Vue-canape-lit-3-300x200.jpg 300w, https:\/\/monpiedaterre-annecy.fr\/wp-content\/uploads\/2024\/04\/Vue-canape-lit-3-768x511.jpg 768w, https:\/\/monpiedaterre-annecy.fr\/wp-content\/uploads\/2024\/04\/Vue-canape-lit-3-1536x1022.jpg 1536w, https:\/\/monpiedaterre-annecy.fr\/wp-content\/uploads\/2024\/04\/Vue-canape-lit-3-2048x1363.jpg 2048w\" sizes=\"auto, (max-width: 1024px) 100vw, 1024px\" \/><figcaption class=\"wp-element-caption\">Salon en mode lit double<\/figcaption><\/figure>\n\n\n\n<figure class=\"wp-block-image size-large\"><img loading=\"lazy\" decoding=\"async\" width=\"682\" height=\"1024\" src=\"https:\/\/monpiedaterre-annecy.fr\/wp-content\/uploads\/2024\/04\/Vue-detail-fleur-bleue-682x1024.jpg\" alt=\"\" class=\"wp-image-538\" srcset=\"https:\/\/monpiedaterre-annecy.fr\/wp-content\/uploads\/2024\/04\/Vue-detail-fleur-bleue-682x1024.jpg 682w, https:\/\/monpiedaterre-annecy.fr\/wp-content\/uploads\/2024\/04\/Vue-detail-fleur-bleue-200x300.jpg 200w, https:\/\/monpiedaterre-annecy.fr\/wp-content\/uploads\/2024\/04\/Vue-detail-fleur-bleue-768x1154.jpg 768w, https:\/\/monpiedaterre-annecy.fr\/wp-content\/uploads\/2024\/04\/Vue-detail-fleur-bleue-1022x1536.jpg 1022w, https:\/\/monpiedaterre-annecy.fr\/wp-content\/uploads\/2024\/04\/Vue-detail-fleur-bleue-1363x2048.jpg 1363w, https:\/\/monpiedaterre-annecy.fr\/wp-content\/uploads\/2024\/04\/Vue-detail-fleur-bleue-scaled.jpg 1704w\" sizes=\"auto, (max-width: 682px) 100vw, 682px\" \/><figcaption class=\"wp-element-caption\">Salon en mode lit double<\/figcaption><\/figure>\n\n\n\n<figure class=\"wp-block-image size-large\"><img loading=\"lazy\" decoding=\"async\" width=\"1024\" height=\"682\" src=\"https:\/\/monpiedaterre-annecy.fr\/wp-content\/uploads\/2024\/04\/SDB-vue-miroir-tete-haute-1024x682.jpg\" alt=\"\" class=\"wp-image-519\" srcset=\"https:\/\/monpiedaterre-annecy.fr\/wp-content\/uploads\/2024\/04\/SDB-vue-miroir-tete-haute-1024x682.jpg 1024w, https:\/\/monpiedaterre-annecy.fr\/wp-content\/uploads\/2024\/04\/SDB-vue-miroir-tete-haute-300x200.jpg 300w, https:\/\/monpiedaterre-annecy.fr\/wp-content\/uploads\/2024\/04\/SDB-vue-miroir-tete-haute-768x511.jpg 768w, https:\/\/monpiedaterre-annecy.fr\/wp-content\/uploads\/2024\/04\/SDB-vue-miroir-tete-haute-1536x1022.jpg 1536w, https:\/\/monpiedaterre-annecy.fr\/wp-content\/uploads\/2024\/04\/SDB-vue-miroir-tete-haute-2048x1363.jpg 2048w\" sizes=\"auto, (max-width: 1024px) 100vw, 1024px\" \/><figcaption class=\"wp-element-caption\">Miroir t\u00eate pied<\/figcaption><\/figure>\n\n\n\n<figure class=\"wp-block-gallery aligncenter has-nested-images columns-default is-cropped wp-block-gallery-1 is-layout-flex wp-block-gallery-is-layout-flex\">\n<figure class=\"wp-block-image size-large\"><img loading=\"lazy\" decoding=\"async\" width=\"1024\" height=\"682\" data-id=\"536\" src=\"https:\/\/monpiedaterre-annecy.fr\/wp-content\/uploads\/2024\/04\/Vue-detail-cafe-1024x682.jpg\" alt=\"\" class=\"wp-image-536\" srcset=\"https:\/\/monpiedaterre-annecy.fr\/wp-content\/uploads\/2024\/04\/Vue-detail-cafe-1024x682.jpg 1024w, https:\/\/monpiedaterre-annecy.fr\/wp-content\/uploads\/2024\/04\/Vue-detail-cafe-300x200.jpg 300w, https:\/\/monpiedaterre-annecy.fr\/wp-content\/uploads\/2024\/04\/Vue-detail-cafe-768x511.jpg 768w, https:\/\/monpiedaterre-annecy.fr\/wp-content\/uploads\/2024\/04\/Vue-detail-cafe-1536x1022.jpg 1536w, https:\/\/monpiedaterre-annecy.fr\/wp-content\/uploads\/2024\/04\/Vue-detail-cafe-2048x1363.jpg 2048w\" sizes=\"auto, (max-width: 1024px) 100vw, 1024px\" \/><figcaption class=\"wp-element-caption\">caf\u00e9<\/figcaption><\/figure>\n<\/figure>\n\n\n\n<p><\/p>\n","protected":false},"excerpt":{"rendered":"<p>Cliquez sur le jour d&rsquo;arriv\u00e9e souhait\u00e9 puis s\u00e9lectionnez les nombre de nuit\u00e9es pour obtenir le prix de votre s\u00e9jour Notre<\/p>\n<p><a href=\"https:\/\/monpiedaterre-annecy.fr\/?page_id=432\" class=\"more-link\">Continue reading<span class=\"screen-reader-text\">LE COL VERT<\/span><\/a><\/p>\n","protected":false},"author":1,"featured_media":0,"parent":0,"menu_order":0,"comment_status":"closed","ping_status":"closed","template":"","meta":{"footnotes":""},"class_list":["post-432","page","type-page","status-publish","hentry"],"_links":{"self":[{"href":"https:\/\/monpiedaterre-annecy.fr\/index.php?rest_route=\/wp\/v2\/pages\/432","targetHints":{"allow":["GET"]}}],"collection":[{"href":"https:\/\/monpiedaterre-annecy.fr\/index.php?rest_route=\/wp\/v2\/pages"}],"about":[{"href":"https:\/\/monpiedaterre-annecy.fr\/index.php?rest_route=\/wp\/v2\/types\/page"}],"author":[{"embeddable":true,"href":"https:\/\/monpiedaterre-annecy.fr\/index.php?rest_route=\/wp\/v2\/users\/1"}],"replies":[{"embeddable":true,"href":"https:\/\/monpiedaterre-annecy.fr\/index.php?rest_route=%2Fwp%2Fv2%2Fcomments&post=432"}],"version-history":[{"count":8,"href":"https:\/\/monpiedaterre-annecy.fr\/index.php?rest_route=\/wp\/v2\/pages\/432\/revisions"}],"predecessor-version":[{"id":619,"href":"https:\/\/monpiedaterre-annecy.fr\/index.php?rest_route=\/wp\/v2\/pages\/432\/revisions\/619"}],"wp:attachment":[{"href":"https:\/\/monpiedaterre-annecy.fr\/index.php?rest_route=%2Fwp%2Fv2%2Fmedia&parent=432"}],"curies":[{"name":"wp","href":"https:\/\/api.w.org\/{rel}","templated":true}]}}